{"id":25,"date":"2025-05-10T17:13:44","date_gmt":"2025-05-10T15:13:44","guid":{"rendered":"http:\/\/www.association-la-ruche-artistique-ploubezre.com\/?page_id=25"},"modified":"2026-03-21T15:42:20","modified_gmt":"2026-03-21T14:42:20","slug":"actualites","status":"publish","type":"page","link":"https:\/\/www.association-la-ruche-artistique-ploubezre.com\/index.php\/actualites\/","title":{"rendered":"Actualit\u00e9s"},"content":{"rendered":"\n<figure class=\"wp-block-image aligncenter size-full\"><img loading=\"lazy\" decoding=\"async\" width=\"274\" height=\"219\" src=\"http:\/\/www.association-la-ruche-artistique-ploubezre.com\/wp-content\/uploads\/2025\/05\/LOGO-RUCHE-14-15.jpg\" alt=\"\" class=\"wp-image-7\"\/><\/figure>\n\n\n\n<figure class=\"wp-block-image size-large\"><img loading=\"lazy\" decoding=\"async\" width=\"1024\" height=\"792\" src=\"https:\/\/www.association-la-ruche-artistique-ploubezre.com\/wp-content\/uploads\/2026\/03\/Les-violistes-de-la-Ruche-Artistique-1-1-1024x792.jpg\" alt=\"\" class=\"wp-image-228\" srcset=\"https:\/\/www.association-la-ruche-artistique-ploubezre.com\/wp-content\/uploads\/2026\/03\/Les-violistes-de-la-Ruche-Artistique-1-1-1024x792.jpg 1024w, https:\/\/www.association-la-ruche-artistique-ploubezre.com\/wp-content\/uploads\/2026\/03\/Les-violistes-de-la-Ruche-Artistique-1-1-300x232.jpg 300w, https:\/\/www.association-la-ruche-artistique-ploubezre.com\/wp-content\/uploads\/2026\/03\/Les-violistes-de-la-Ruche-Artistique-1-1-768x594.jpg 768w, https:\/\/www.association-la-ruche-artistique-ploubezre.com\/wp-content\/uploads\/2026\/03\/Les-violistes-de-la-Ruche-Artistique-1-1-1536x1187.jpg 1536w, https:\/\/www.association-la-ruche-artistique-ploubezre.com\/wp-content\/uploads\/2026\/03\/Les-violistes-de-la-Ruche-Artistique-1-1-2048x1583.jpg 2048w\" sizes=\"auto, (max-width: 1024px) 100vw, 1024px\" \/><\/figure>\n\n\n\n<figure class=\"wp-block-image size-large\"><img loading=\"lazy\" decoding=\"async\" width=\"724\" height=\"1024\" src=\"https:\/\/www.association-la-ruche-artistique-ploubezre.com\/wp-content\/uploads\/2026\/03\/Affiche-Flyer-2026-724x1024.jpg\" alt=\"\" class=\"wp-image-217\" srcset=\"https:\/\/www.association-la-ruche-artistique-ploubezre.com\/wp-content\/uploads\/2026\/03\/Affiche-Flyer-2026-724x1024.jpg 724w, https:\/\/www.association-la-ruche-artistique-ploubezre.com\/wp-content\/uploads\/2026\/03\/Affiche-Flyer-2026-212x300.jpg 212w, https:\/\/www.association-la-ruche-artistique-ploubezre.com\/wp-content\/uploads\/2026\/03\/Affiche-Flyer-2026-768x1086.jpg 768w, https:\/\/www.association-la-ruche-artistique-ploubezre.com\/wp-content\/uploads\/2026\/03\/Affiche-Flyer-2026-1086x1536.jpg 1086w, https:\/\/www.association-la-ruche-artistique-ploubezre.com\/wp-content\/uploads\/2026\/03\/Affiche-Flyer-2026.jpg 1191w\" sizes=\"auto, (max-width: 724px) 100vw, 724px\" \/><\/figure>\n\n\n\n<p>A Ploubezre, depuis 2017, la JEMA &#8211; Journ\u00e9e Europ\u00e9enne de la Musique<br>Ancienne- est un rendez-vous annuel permettant aux musiciens f\u00e9rus de ce<br>r\u00e9pertoire de se retrouver et de promulguer la pratique instrumentale<br>(amateur ou professionnel) sur des instruments dits copies d\u2019\u00e9poque.<br>L\u2019organisation de cet \u00e9v\u00e8nement est possible gr\u00e2ce \u00e0 l\u2019association la Ruche<br>Artistique (Nathalie Le Gaouyat, professeur de viole de gambe), \u00e0 tous les<br>musiciens participants (certains viennent du Finist\u00e8re, de Rennes\u2026) et \u00e0 la<br>commune de Ploubezre qui accueille dans les locaux du CAREC ce moment<br>culturel, sympathique, convivial et ouvert \u00e0 tous !<br>Cette journ\u00e9e de rencontres est ponctu\u00e9e de nombreux petits concerts de<br>20mn, (15 moments musicaux). Vous entendrez diff\u00e9rentes formations (vocales<br>et instrumentales) dans des r\u00e9pertoires allant du XVI\u00e8me si\u00e8cle au XVIII\u00e8me<br>si\u00e8cle : Le P\u2019tit quatuor vocal, l\u2019ensemble vocal Anouna, les ensembles<br>instrumentaux Ondeggiando, Quatre quarts, Club des cinq, Les Pavaniteux, et<br>bien s\u00fbr l\u2019ensemble de viole de gambe et fl\u00fbte \u00e0 bec ainsi que la chorale Pollen<br>de la Ruche Artistique.<br>A 14h, vous pourrez entendre le grand ensemble \u00ab Tr\u00e9gor Baroque \u00bb<br>(constitu\u00e9 des musiciens pr\u00e9sents du Tr\u00e9gor et leurs amis) interpr\u00e8tera une<br>Passacaille extraite de l\u2019op\u00e9ra de J. B Lully \u00ab Armide \u00bb. Les violons, traverso,<br>fl\u00fbtes \u00e0 bec, violes de gambe, clavecin, contrebasse,\u2026 accompagneront le<br>ch\u0153ur et le soliste, Raoul Le Chenadec.<br>Le Dimanche 29 Mars, de 10h30 \u00e0 19h<br>Salle du CAREC \u00e0 Ploubezre<br>N\u2019h\u00e9sitez pas \u00e0 venir avec vos familles, nous \u00e9couter, nous rencontrer,<br>d\u00e9couvrir nos instruments et discuter avec les musiciens.<br>L\u2019entr\u00e9e est gratuite.<\/p>\n\n\n\n<figure class=\"wp-block-image size-large\"><img loading=\"lazy\" decoding=\"async\" width=\"724\" height=\"1024\" src=\"https:\/\/www.association-la-ruche-artistique-ploubezre.com\/wp-content\/uploads\/2026\/02\/Affiche-JEMA-2026-724x1024.jpg\" alt=\"\" class=\"wp-image-214\" srcset=\"https:\/\/www.association-la-ruche-artistique-ploubezre.com\/wp-content\/uploads\/2026\/02\/Affiche-JEMA-2026-724x1024.jpg 724w, https:\/\/www.association-la-ruche-artistique-ploubezre.com\/wp-content\/uploads\/2026\/02\/Affiche-JEMA-2026-212x300.jpg 212w, https:\/\/www.association-la-ruche-artistique-ploubezre.com\/wp-content\/uploads\/2026\/02\/Affiche-JEMA-2026-768x1086.jpg 768w, https:\/\/www.association-la-ruche-artistique-ploubezre.com\/wp-content\/uploads\/2026\/02\/Affiche-JEMA-2026-1086x1536.jpg 1086w, https:\/\/www.association-la-ruche-artistique-ploubezre.com\/wp-content\/uploads\/2026\/02\/Affiche-JEMA-2026.jpg 1191w\" sizes=\"auto, (max-width: 724px) 100vw, 724px\" \/><\/figure>\n\n\n\n<p><\/p>\n\n\n\n<p>A Ploubezre, depuis 2017, la JEMA &#8211; Journ\u00e9e Europ\u00e9enne de la Musique<br>Ancienne- est un rendez-vous annuel permettant aux musiciens f\u00e9rus de ce<br>r\u00e9pertoire de se retrouver et de promulguer la pratique instrumentale<br>(amateur ou professionnel) sur des instruments dits copies d\u2019\u00e9poque.<br>L\u2019organisation de cet \u00e9v\u00e8nement est possible gr\u00e2ce \u00e0 l\u2019association la Ruche<br>Artistique (Nathalie Le Gaouyat, professeur de viole de gambe), \u00e0 tous les<br>musiciens participants (certains viennent du Finist\u00e8re, de Rennes\u2026) et \u00e0 la<br>commune de Ploubezre qui accueille dans les locaux du CAREC ce moment<br>culturel, sympathique, convivial et ouvert \u00e0 tous !<br>Cette journ\u00e9e de rencontres est ponctu\u00e9e de nombreux petits concerts de<br>20mn, (15 moments musicaux). Vous entendrez diff\u00e9rentes formations (vocales<br>et instrumentales) dans des r\u00e9pertoires allant du XVI\u00e8me si\u00e8cle au XVIII\u00e8me<br>si\u00e8cle : Le P\u2019tit quatuor vocal, l\u2019ensemble vocal Anouna, les ensembles<br>instrumentaux Ondeggiando, Quatre quarts, Club des cinq, Les Pavaniteux, et<br>bien s\u00fbr l\u2019ensemble de viole de gambe et fl\u00fbte \u00e0 bec ainsi que la chorale Pollen<br>de la Ruche Artistique.<br>A 14h, vous pourrez entendre le grand ensemble \u00ab Tr\u00e9gor Baroque \u00bb<br>(constitu\u00e9 des musiciens pr\u00e9sents du Tr\u00e9gor et leurs amis) interpr\u00e8tera une<br>Passacaille extraite de l\u2019op\u00e9ra de J. B Lully \u00ab Armide \u00bb. Les violons, traverso,<br>fl\u00fbtes \u00e0 bec, violes de gambe, clavecin, contrebasse,\u2026 accompagneront le<br>ch\u0153ur et le soliste, Raoul Le Chenadec.<br>Le Dimanche 29 Mars, de 10h30 \u00e0 19h<br>Salle du CAREC \u00e0 Ploubezre<br>N\u2019h\u00e9sitez pas \u00e0 venir avec vos familles, nous \u00e9couter, nous rencontrer,<br>d\u00e9couvrir nos instruments et discuter avec les musiciens.<br>L\u2019entr\u00e9e est gratuite.<\/p>\n\n\n\n<p><strong>Concert de fin d&rsquo;ann\u00e9e du \u00ab\u00a0P\u00f4le Musique \u00a0\u00bb dimanche 25 mai de 14h \u00e0 18h \u00e9glise de PLOUBEZRE 22300  (gratuit)<\/strong><\/p>\n\n\n\n<figure class=\"wp-block-image size-large\"><img loading=\"lazy\" decoding=\"async\" width=\"727\" height=\"1024\" src=\"http:\/\/www.association-la-ruche-artistique-ploubezre.com\/wp-content\/uploads\/2025\/05\/AFFICHE-CONCERT-25-MAI-14H-a-18H-1-727x1024.jpg\" alt=\"\" class=\"wp-image-42\" srcset=\"https:\/\/www.association-la-ruche-artistique-ploubezre.com\/wp-content\/uploads\/2025\/05\/AFFICHE-CONCERT-25-MAI-14H-a-18H-1-727x1024.jpg 727w, https:\/\/www.association-la-ruche-artistique-ploubezre.com\/wp-content\/uploads\/2025\/05\/AFFICHE-CONCERT-25-MAI-14H-a-18H-1-213x300.jpg 213w, https:\/\/www.association-la-ruche-artistique-ploubezre.com\/wp-content\/uploads\/2025\/05\/AFFICHE-CONCERT-25-MAI-14H-a-18H-1-768x1082.jpg 768w, https:\/\/www.association-la-ruche-artistique-ploubezre.com\/wp-content\/uploads\/2025\/05\/AFFICHE-CONCERT-25-MAI-14H-a-18H-1-1091x1536.jpg 1091w, https:\/\/www.association-la-ruche-artistique-ploubezre.com\/wp-content\/uploads\/2025\/05\/AFFICHE-CONCERT-25-MAI-14H-a-18H-1-1454x2048.jpg 1454w, https:\/\/www.association-la-ruche-artistique-ploubezre.com\/wp-content\/uploads\/2025\/05\/AFFICHE-CONCERT-25-MAI-14H-a-18H-1.jpg 1660w\" sizes=\"auto, (max-width: 727px) 100vw, 727px\" \/><\/figure>\n\n\n\n<p>FORUM<\/p>\n\n\n\n<figure class=\"wp-block-image size-full\"><img loading=\"lazy\" decoding=\"async\" width=\"912\" height=\"642\" src=\"https:\/\/www.association-la-ruche-artistique-ploubezre.com\/wp-content\/uploads\/2025\/07\/TARIFS-2025-2026-POUR-SITE.jpg\" alt=\"\" class=\"wp-image-104\" srcset=\"https:\/\/www.association-la-ruche-artistique-ploubezre.com\/wp-content\/uploads\/2025\/07\/TARIFS-2025-2026-POUR-SITE.jpg 912w, https:\/\/www.association-la-ruche-artistique-ploubezre.com\/wp-content\/uploads\/2025\/07\/TARIFS-2025-2026-POUR-SITE-300x211.jpg 300w, https:\/\/www.association-la-ruche-artistique-ploubezre.com\/wp-content\/uploads\/2025\/07\/TARIFS-2025-2026-POUR-SITE-768x541.jpg 768w\" sizes=\"auto, (max-width: 912px) 100vw, 912px\" \/><\/figure>\n\n\n\n<figure class=\"wp-block-image size-full\"><img loading=\"lazy\" decoding=\"async\" width=\"457\" height=\"635\" src=\"http:\/\/www.association-la-ruche-artistique-ploubezre.com\/wp-content\/uploads\/2025\/07\/FORUM-2025-2026-POUR-SITE.jpg\" alt=\"\" class=\"wp-image-107\" srcset=\"https:\/\/www.association-la-ruche-artistique-ploubezre.com\/wp-content\/uploads\/2025\/07\/FORUM-2025-2026-POUR-SITE.jpg 457w, https:\/\/www.association-la-ruche-artistique-ploubezre.com\/wp-content\/uploads\/2025\/07\/FORUM-2025-2026-POUR-SITE-216x300.jpg 216w\" sizes=\"auto, (max-width: 457px) 100vw, 457px\" \/><\/figure>\n\n\n\n<figure class=\"wp-block-gallery has-nested-images columns-default is-cropped wp-block-gallery-1 is-layout-flex wp-block-gallery-is-layout-flex\">\n<figure class=\"wp-block-image size-large\"><img loading=\"lazy\" decoding=\"async\" width=\"456\" height=\"663\" data-id=\"115\" src=\"https:\/\/www.association-la-ruche-artistique-ploubezre.com\/wp-content\/uploads\/2025\/08\/00008-KERFONS.png\" alt=\"\" class=\"wp-image-115\" srcset=\"https:\/\/www.association-la-ruche-artistique-ploubezre.com\/wp-content\/uploads\/2025\/08\/00008-KERFONS.png 456w, https:\/\/www.association-la-ruche-artistique-ploubezre.com\/wp-content\/uploads\/2025\/08\/00008-KERFONS-206x300.png 206w\" sizes=\"auto, (max-width: 456px) 100vw, 456px\" \/><\/figure>\n<\/figure>\n\n\n\n<p>CONCERT BAROQUE KERFONS VENDREDI 29 AOUT 20H30<\/p>\n\n\n\n<p>Donn\u00e9 par l\u2019ensemble baroque \u00ab<\/p>\n\n\n\n<p>Spered Hyvarnion \u00bb<\/p>\n\n\n\n<p>L\u2019\u0153uvre principale du concert, la cantate BWV 82 \u00ab Ich habe genug \u00bb de J. S. Bach, fut<\/p>\n\n\n\n<p>compos\u00e9e pour la f\u00eate de la Purification de la Vierge Marie, le 2 f\u00e9vrier 1727. Initialement<\/p>\n\n\n\n<p>\u00e9crite pour voix de basse et hautbois, elle fut r\u00e9arrang\u00e9e par Bach pour soprano ou t\u00e9nor<\/p>\n\n\n\n<p>et fl\u00fbte en 1731.<\/p>\n\n\n\n<p>Notre concert d\u00e9bute par la S\u00e9r\u00e9nade du Veilleur de nuit du compositeur boh\u00e9mien<\/p>\n\n\n\n<p>Heinrich von Biber. \u00c9crite vers 1680, c\u2019est une \u0153uvre pour cinq instruments \u00e0 cordes.<\/p>\n\n\n\n<p>La deuxi\u00e8me partie du concert est compos\u00e9e d\u2019airs de Haendel et Purcell, d\u2019apr\u00e8s<\/p>\n\n\n\n<p>la Sinfonia de Bach, BWV 209, pour fl\u00fbte et cordes.<\/p>\n\n\n\n<p>Spered Hyvarnion (l\u2019esprit d\u2019Hyvarnion) est un ensemble compos\u00e9 d\u2019une dizaine de<\/p>\n\n\n\n<p>musiciens d\u00e9di\u00e9s \u00e0 la musique baroque, bas\u00e9es dans les C\u00f4tes-d\u2019Armor.<\/p>\n\n\n\n<p>Raoul Le Chenadec (t\u00e9nor) Sidonie Euvremer (flauto traverso)<\/p>\n\n\n\n<p>Claire Humbertjean (fl\u00fbte) et Gaspard Prenovec (violon), Nathalie Le<\/p>\n\n\n\n<p>Gaouyat (viole de gambe) H\u00e9l\u00e8ne Dauphin (clavecin) et Ieuan Goch ab Einion (violoncelle).<\/p>\n\n\n\n<figure class=\"wp-block-image size-full\"><img loading=\"lazy\" decoding=\"async\" width=\"373\" height=\"492\" src=\"https:\/\/www.association-la-ruche-artistique-ploubezre.com\/wp-content\/uploads\/2025\/11\/CONCERT-DE-NOEL-ILE-BLANCHE-13-12-2025.jpg\" alt=\"\" class=\"wp-image-118\" srcset=\"https:\/\/www.association-la-ruche-artistique-ploubezre.com\/wp-content\/uploads\/2025\/11\/CONCERT-DE-NOEL-ILE-BLANCHE-13-12-2025.jpg 373w, https:\/\/www.association-la-ruche-artistique-ploubezre.com\/wp-content\/uploads\/2025\/11\/CONCERT-DE-NOEL-ILE-BLANCHE-13-12-2025-227x300.jpg 227w\" sizes=\"auto, (max-width: 373px) 100vw, 373px\" \/><\/figure>\n\n\n\n<figure class=\"wp-block-image size-full\"><img loading=\"lazy\" decoding=\"async\" width=\"421\" height=\"578\" src=\"https:\/\/www.association-la-ruche-artistique-ploubezre.com\/wp-content\/uploads\/2025\/11\/CHORALE-POLLEN-2025-2026.jpg\" alt=\"\" class=\"wp-image-123\" srcset=\"https:\/\/www.association-la-ruche-artistique-ploubezre.com\/wp-content\/uploads\/2025\/11\/CHORALE-POLLEN-2025-2026.jpg 421w, https:\/\/www.association-la-ruche-artistique-ploubezre.com\/wp-content\/uploads\/2025\/11\/CHORALE-POLLEN-2025-2026-219x300.jpg 219w\" sizes=\"auto, (max-width: 421px) 100vw, 421px\" \/><\/figure>\n","protected":false},"excerpt":{"rendered":"<p>A Ploubezre, depuis 2017, la JEMA &#8211; Journ\u00e9e Europ\u00e9enne de la MusiqueAncienne- est un rendez-vous annuel permettant aux musiciens f\u00e9rus de cer\u00e9pertoire de se retrouver et de promulguer la pratique instrumentale(amateur ou professionnel) sur des instruments dits copies d\u2019\u00e9poque.L\u2019organisation de cet \u00e9v\u00e8nement est possible gr\u00e2ce \u00e0 l\u2019association la RucheArtistique (Nathalie Le Gaouyat, professeur de viole [&hellip;]<\/p>\n","protected":false},"author":1,"featured_media":0,"parent":0,"menu_order":0,"comment_status":"closed","ping_status":"closed","template":"","meta":{"footnotes":""},"class_list":["post-25","page","type-page","status-publish","hentry"],"_links":{"self":[{"href":"https:\/\/www.association-la-ruche-artistique-ploubezre.com\/index.php\/wp-json\/wp\/v2\/pages\/25","targetHints":{"allow":["GET"]}}],"collection":[{"href":"https:\/\/www.association-la-ruche-artistique-ploubezre.com\/index.php\/wp-json\/wp\/v2\/pages"}],"about":[{"href":"https:\/\/www.association-la-ruche-artistique-ploubezre.com\/index.php\/wp-json\/wp\/v2\/types\/page"}],"author":[{"embeddable":true,"href":"https:\/\/www.association-la-ruche-artistique-ploubezre.com\/index.php\/wp-json\/wp\/v2\/users\/1"}],"replies":[{"embeddable":true,"href":"https:\/\/www.association-la-ruche-artistique-ploubezre.com\/index.php\/wp-json\/wp\/v2\/comments?post=25"}],"version-history":[{"count":13,"href":"https:\/\/www.association-la-ruche-artistique-ploubezre.com\/index.php\/wp-json\/wp\/v2\/pages\/25\/revisions"}],"predecessor-version":[{"id":230,"href":"https:\/\/www.association-la-ruche-artistique-ploubezre.com\/index.php\/wp-json\/wp\/v2\/pages\/25\/revisions\/230"}],"wp:attachment":[{"href":"https:\/\/www.association-la-ruche-artistique-ploubezre.com\/index.php\/wp-json\/wp\/v2\/media?parent=25"}],"curies":[{"name":"wp","href":"https:\/\/api.w.org\/{rel}","templated":true}]}}